{"id":399,"date":"2012-12-02T23:19:30","date_gmt":"2012-12-02T22:19:30","guid":{"rendered":"http:\/\/verdouble.com\/?page_id=399"},"modified":"2024-04-30T12:02:18","modified_gmt":"2024-04-30T10:02:18","slug":"le-verdouble","status":"publish","type":"page","link":"https:\/\/verdouble.com\/?page_id=399","title":{"rendered":"Le Verdouble"},"content":{"rendered":"<h4><img loading=\"lazy\" decoding=\"async\" class=\"alignleft size-medium wp-image-468\" style=\"font-family: Oswald,sans-serif; font-size: 18px; line-height: 1.62em; margin-left: 10px; margin-right: 10px;\" title=\"IMG_1950\" src=\"http:\/\/verdouble.com\/wp-content\/uploads\/2012\/12\/IMG_1950-200x300.jpg\" alt=\"\" width=\"200\" height=\"300\" \/><\/h4>\n<h4 style=\"text-align: left;\">Au pied de chez moi, coule une rivi\u00e8re : Le <a href=\"https:\/\/www.google.com\/search?q=le+verdouble&amp;rlz=1C1CHBF_frFR928FR928&amp;oq=le+verdoub&amp;gs_lcrp=EgZjaHJvbWUqCggAEAAY4wIYgAQyCggAEAAY4wIYgAQyBwgBEC4YgAQyBggCEEUYOTIICAMQABgWGB4yCAgEEAAYFhgeMgYIBRBFGEEyBggGEEUYPDIGCAcQRRg8qAIIsAIB&amp;sourceid=chrome&amp;ie=UTF-8\" target=\"_blank\" rel=\"noopener\">Verdouble<\/a>.<\/h4>\n<p style=\"text-align: left;\"><em> \u00ab\u00a0Pas d&rsquo;eau dans le vin!&#8230;\u00a0\u00bb<\/em> s\u2019exclame\u00a0Lulu,\u00a0mon vieux copain\u00a0vigneron \u00e0 la retraite, quand je lui fais part de mon intention de cr\u00e9er le \u00ab\u00a0Domaine du Verdouble\u00a0\u00bb.<\/p>\n<p style=\"text-align: left;\">Et pourtant,\u00a0le vin est aussi une histoire d\u2019eau\u2026<\/p>\n<p><a href=\"http:\/\/www.audecathare.fr\/gorges\/gorges-verdouble.htm\" target=\"_blank\" rel=\"noopener\"><img loading=\"lazy\" decoding=\"async\" class=\"size-medium wp-image-433 alignright\" style=\"margin-left: 10px; margin-right: 10px;\" title=\"img4ce2901d7f5f7\" src=\"http:\/\/verdouble.com\/wp-content\/uploads\/2012\/12\/img4ce2901d7f5f7-226x300.jpg\" alt=\"\" width=\"226\" height=\"300\" srcset=\"https:\/\/verdouble.com\/wp-content\/uploads\/2012\/12\/img4ce2901d7f5f7-226x300.jpg 226w, https:\/\/verdouble.com\/wp-content\/uploads\/2012\/12\/img4ce2901d7f5f7-332x440.jpg 332w, https:\/\/verdouble.com\/wp-content\/uploads\/2012\/12\/img4ce2901d7f5f7.jpg 377w\" sizes=\"auto, (max-width: 226px) 100vw, 226px\" \/><\/a><\/p>\n<p style=\"text-align: left;\">Le Verdouble, tire son nom d\u2019un substrat gaulois, le \u00abruisseau des aulnes\u00a0\u00bb (<em>vernos<\/em> \/ aulnes et <em>dubron<\/em> \/ ruisseau). Rivi\u00e8re imp\u00e9tueuse, indompt\u00e9e et indomptable, le Verdouble a fa\u00e7onn\u00e9 le massif des Corbi\u00e8res, creusant la roche, dessinant des gorges, depuis sa source, \u00e0 Cubi\u00e8res jusqu\u2019\u00e0 Estagel o\u00f9 il rejoint l\u2019Agly. Son caract\u00e8re torrentiel a dessin\u00e9 les paysages et accompagn\u00e9 l\u2019Histoire des Hommes de ce pays, depuis la lointaine Pr\u00e9histoire (la <em>Cauna<\/em> de l\u2019Arago \u00e0 Tautavel) jusqu\u2019\u00e0 nos jours. Le long de ses rives, garrigue, ch\u00eanes, gen\u00eats, figuiers, oliviers, amandiers, colorent aujourd\u2019hui le Pays de Cucugnan. Il y eut le bl\u00e9, l\u2019huile d\u2019olive (de nombreux vestiges de moulins en attestent), et la vigne d\u00e9j\u00e0 durant l\u2019Antiquit\u00e9 et le Moyen \u00c2ge.<\/p>\n<p><a style=\"text-align: justify;\" href=\"http:\/\/verdouble.com\/wp-content\/uploads\/2012\/12\/IMG_2027.jpg\"><img loading=\"lazy\" decoding=\"async\" class=\"alignleft size-medium wp-image-467\" style=\"margin-left: 10px; margin-right: 10px;\" title=\"IMG_2027\" src=\"http:\/\/verdouble.com\/wp-content\/uploads\/2012\/12\/IMG_2027-300x200.jpg\" alt=\"\" width=\"300\" height=\"200\" \/><\/a><\/p>\n<p style=\"text-align: left;\">Au travers des saisons qui passent, la vigne ponctue et fa\u00e7onne ce paysage m\u00e9diterran\u00e9en. Elle y applique par touches successives ses palettes de verts, de jaunes, de bruns et de rouges. Accroch\u00e9e \u00e0 des pentes ou couvrant le creux des vall\u00e9es model\u00e9es par le Verdouble, la vigne a constitu\u00e9 l\u2019essentiel de la vie et du travail des hommes dans cet \u00e9crin des Corbi\u00e8res. Elle marque le paysage par sa pr\u00e9sence mais aussi par son absence. On la devine encore \u00e0 flancs de collines, vigne en terrasses, arrach\u00e9e, abandonn\u00e9e, disparue \u2026. Mais jamais compl\u00e8tement invisible, elle laisse une empreinte durable. Elle se rappelle \u00e0 nous, cach\u00e9e par les buissons, la garrigue et la for\u00eat. On la devine sans cesse, m\u00eame l\u00e0 o\u00f9 elle n\u2019est plus.<\/p>\n","protected":false},"excerpt":{"rendered":"<p>Au pied de chez moi, coule une rivi\u00e8re : Le Verdouble. \u00ab\u00a0Pas d&rsquo;eau dans le vin!&#8230;\u00a0\u00bb s\u2019exclame\u00a0Lulu,\u00a0mon vieux copain\u00a0vigneron \u00e0 la retraite, quand je lui fais part de mon intention de cr\u00e9er le \u00ab\u00a0Domaine du Verdouble\u00a0\u00bb. Et pourtant,\u00a0le vin est aussi une histoire d\u2019eau\u2026 Le Verdouble, tire son nom d\u2019un &#8230;<\/p>\n","protected":false},"author":1,"featured_media":0,"parent":0,"menu_order":6,"comment_status":"closed","ping_status":"closed","template":"","meta":{"_exactmetrics_skip_tracking":false,"_exactmetrics_sitenote_active":false,"_exactmetrics_sitenote_note":"","_exactmetrics_sitenote_category":0,"footnotes":""},"class_list":["post-399","page","type-page","status-publish","hentry","column","threecol"],"_links":{"self":[{"href":"https:\/\/verdouble.com\/index.php?rest_route=\/wp\/v2\/pages\/399","targetHints":{"allow":["GET"]}}],"collection":[{"href":"https:\/\/verdouble.com\/index.php?rest_route=\/wp\/v2\/pages"}],"about":[{"href":"https:\/\/verdouble.com\/index.php?rest_route=\/wp\/v2\/types\/page"}],"author":[{"embeddable":true,"href":"https:\/\/verdouble.com\/index.php?rest_route=\/wp\/v2\/users\/1"}],"replies":[{"embeddable":true,"href":"https:\/\/verdouble.com\/index.php?rest_route=%2Fwp%2Fv2%2Fcomments&post=399"}],"version-history":[{"count":36,"href":"https:\/\/verdouble.com\/index.php?rest_route=\/wp\/v2\/pages\/399\/revisions"}],"predecessor-version":[{"id":3764,"href":"https:\/\/verdouble.com\/index.php?rest_route=\/wp\/v2\/pages\/399\/revisions\/3764"}],"wp:attachment":[{"href":"https:\/\/verdouble.com\/index.php?rest_route=%2Fwp%2Fv2%2Fmedia&parent=399"}],"curies":[{"name":"wp","href":"https:\/\/api.w.org\/{rel}","templated":true}]}}